{"id":902,"date":"2023-02-24T14:06:53","date_gmt":"2023-02-24T14:06:53","guid":{"rendered":"https:\/\/glasmuseum.pixeltypen.de\/?page_id=902"},"modified":"2023-04-06T10:24:05","modified_gmt":"2023-04-06T10:24:05","slug":"aktuell","status":"publish","type":"page","link":"https:\/\/glasmuseum-frauenau.de\/cz\/aktuell\/","title":{"rendered":"Aktu\u00e1ln\u00ed"},"content":{"rendered":"<div data-elementor-type=\"wp-page\" data-elementor-id=\"902\" class=\"elementor elementor-902\" data-elementor-post-type=\"page\">\n\t\t\t\t\t\t<section class=\"elementor-section elementor-top-section elementor-element elementor-element-2fbf308 elementor-section-full_width main-header elementor-section-height-default elementor-section-height-default\" data-id=\"2fbf308\" data-element_type=\"section\" data-e-type=\"section\">\n\t\t\t\t\t\t<div class=\"elementor-container elementor-column-gap-default\">\n\t\t\t\t\t<div class=\"elementor-column elementor-col-100 elementor-top-column elementor-element elementor-element-ce169c3\" data-id=\"ce169c3\" data-element_type=\"column\" data-e-type=\"column\">\n\t\t\t<div class=\"elementor-widget-wrap elementor-element-populated\">\n\t\t\t\t\t\t<div class=\"elementor-element elementor-element-9d4386f elementor--h-position-center elementor--v-position-middle elementor-arrows-position-inside elementor-widget elementor-widget-slides\" data-id=\"9d4386f\" data-element_type=\"widget\" data-e-type=\"widget\" data-settings=\"{&quot;navigation&quot;:&quot;arrows&quot;,&quot;autoplay&quot;:&quot;yes&quot;,&quot;pause_on_hover&quot;:&quot;yes&quot;,&quot;pause_on_interaction&quot;:&quot;yes&quot;,&quot;autoplay_speed&quot;:5000,&quot;infinite&quot;:&quot;yes&quot;,&quot;transition&quot;:&quot;slide&quot;,&quot;transition_speed&quot;:500}\" data-widget_type=\"slides.default\">\n\t\t\t\t<div class=\"elementor-widget-container\">\n\t\t\t\t\t\t\t\t\t<div class=\"elementor-swiper\">\n\t\t\t\t\t<div class=\"elementor-slides-wrapper elementor-main-swiper swiper\" role=\"region\" aria-roledescription=\"carousel\" aria-label=\"Posuvn\u00edk\" dir=\"ltr\" data-animation=\"fadeInUp\">\n\t\t\t\t<div class=\"swiper-wrapper elementor-slides\">\n\t\t\t\t\t\t\t\t\t\t<div class=\"elementor-repeater-item-3973127 swiper-slide\" role=\"group\" aria-roledescription=\"slide\"><div class=\"swiper-slide-bg\" role=\"img\" aria-label=\"_LW_0376_SocialMedia\"><\/div><div class=\"elementor-background-overlay\"><\/div><a class=\"swiper-slide-inner\" href=\"#\"><div class=\"swiper-slide-contents\"><div class=\"elementor-slide-heading\">Aktu\u00e1ln\u00ed<br> V\u00fdstavy<\/div><div class=\"elementor-slide-description\">Ve skl\u00e1\u0159sk\u00e9m muzeu Frauenau<\/div><\/div><\/a><\/div>\t\t\t\t<\/div>\n\t\t\t\t\t\t\t<\/div>\n\t\t\t\t<\/div>\n\t\t\t\t\t\t\t\t<\/div>\n\t\t\t\t<\/div>\n\t\t\t\t\t<\/div>\n\t\t<\/div>\n\t\t\t\t\t<\/div>\n\t\t<\/section>\n\t\t\t\t<section class=\"elementor-section elementor-top-section elementor-element elementor-element-f0972e7 elementor-section-boxed elementor-section-height-default elementor-section-height-default\" data-id=\"f0972e7\" data-element_type=\"section\" data-e-type=\"section\">\n\t\t\t\t\t\t<div class=\"elementor-container elementor-column-gap-default\">\n\t\t\t\t\t<div class=\"elementor-column elementor-col-100 elementor-top-column elementor-element elementor-element-0daf759\" data-id=\"0daf759\" data-element_type=\"column\" data-e-type=\"column\">\n\t\t\t<div class=\"elementor-widget-wrap elementor-element-populated\">\n\t\t\t\t\t\t<div class=\"elementor-element elementor-element-3348017 elementor-widget elementor-widget-shortcode\" data-id=\"3348017\" data-element_type=\"widget\" data-e-type=\"widget\" data-widget_type=\"shortcode.default\">\n\t\t\t\t<div class=\"elementor-widget-container\">\n\t\t\t\t\t\t\t<div class=\"elementor-shortcode\">    <div class=\"exhibition-feed current\">\n        \n\n<div class=\"exhibition-item\">\n            <a href=\"https:\/\/glasmuseum-frauenau.de\/cz\/ausstellungen\/ars-vitraria-helvetica-zeitgenoessisches-eidgenoessisches-glas\/\">\n            <div class=\"exhibition-image\">\n                <img decoding=\"async\" src=\"https:\/\/glasmuseum-frauenau.de\/wp-content\/uploads\/2025\/12\/K1600_01-Angerhofer-Marlies-und-Albert-_Spirale-SchwarzWeissStreakly_2_2024_Foto-die-baumgartnerin-1-300x200.jpg\" srcset=\"https:\/\/glasmuseum-frauenau.de\/wp-content\/uploads\/2025\/12\/K1600_01-Angerhofer-Marlies-und-Albert-_Spirale-SchwarzWeissStreakly_2_2024_Foto-die-baumgartnerin-1-300x200.jpg 300w, https:\/\/glasmuseum-frauenau.de\/wp-content\/uploads\/2025\/12\/K1600_01-Angerhofer-Marlies-und-Albert-_Spirale-SchwarzWeissStreakly_2_2024_Foto-die-baumgartnerin-1-1024x683.jpg 1024w, https:\/\/glasmuseum-frauenau.de\/wp-content\/uploads\/2025\/12\/K1600_01-Angerhofer-Marlies-und-Albert-_Spirale-SchwarzWeissStreakly_2_2024_Foto-die-baumgartnerin-1-768x512.jpg 768w, https:\/\/glasmuseum-frauenau.de\/wp-content\/uploads\/2025\/12\/K1600_01-Angerhofer-Marlies-und-Albert-_Spirale-SchwarzWeissStreakly_2_2024_Foto-die-baumgartnerin-1-1536x1024.jpg 1536w, https:\/\/glasmuseum-frauenau.de\/wp-content\/uploads\/2025\/12\/K1600_01-Angerhofer-Marlies-und-Albert-_Spirale-SchwarzWeissStreakly_2_2024_Foto-die-baumgartnerin-1-18x12.jpg 18w, https:\/\/glasmuseum-frauenau.de\/wp-content\/uploads\/2025\/12\/K1600_01-Angerhofer-Marlies-und-Albert-_Spirale-SchwarzWeissStreakly_2_2024_Foto-die-baumgartnerin-1.jpg 1800w\" \/>\n            <\/div>\n        <\/a>\n        <div class=\"exhibition-content\">\n        <div class=\"exhibition-duration\">\n            <!-- Format the date to the local format -->\n            <span class=\"date\">25.12.25<\/span> - <span class=\"date\">05.07.26<\/span>\n        <\/div>\n        <a href=\"https:\/\/glasmuseum-frauenau.de\/cz\/ausstellungen\/ars-vitraria-helvetica-zeitgenoessisches-eidgenoessisches-glas\/\">\n            <h3>ARS VITRARIA HELVETICA \u2013 Sou\u010dasn\u00e9 \u0161v\u00fdcarsk\u00e9 sklo<\/h3>\n        <\/a>\n        <span class=\"exhibition-location\">Velk\u00fd s\u00e1l<\/span>\n        <div class=\"exhibition-button-wrapper elementor-widget-button\">\n            <a href=\"https:\/\/glasmuseum-frauenau.de\/cz\/ausstellungen\/ars-vitraria-helvetica-zeitgenoessisches-eidgenoessisches-glas\/\" class=\"exhibition-button elementor-button-link elementor-button elementor-size-sm\" role=\"button\"><\/a>\n        <\/div>\n    <\/div>\n<\/div>\n\n<div class=\"exhibition-item\">\n            <a href=\"https:\/\/glasmuseum-frauenau.de\/cz\/ausstellungen\/30-jahre-alexandra-geyermann-frauen-reisen-%e2%86%92-lebensspuren-graviert-in-glas\/\">\n            <div class=\"exhibition-image\">\n                <img decoding=\"async\" src=\"https:\/\/glasmuseum-frauenau.de\/wp-content\/uploads\/2025\/12\/Geyermann_Lebe-hoch-1-237x300.png\" srcset=\"https:\/\/glasmuseum-frauenau.de\/wp-content\/uploads\/2025\/12\/Geyermann_Lebe-hoch-1-237x300.png 237w, https:\/\/glasmuseum-frauenau.de\/wp-content\/uploads\/2025\/12\/Geyermann_Lebe-hoch-1-809x1024.png 809w, https:\/\/glasmuseum-frauenau.de\/wp-content\/uploads\/2025\/12\/Geyermann_Lebe-hoch-1-768x972.png 768w, https:\/\/glasmuseum-frauenau.de\/wp-content\/uploads\/2025\/12\/Geyermann_Lebe-hoch-1-9x12.png 9w, https:\/\/glasmuseum-frauenau.de\/wp-content\/uploads\/2025\/12\/Geyermann_Lebe-hoch-1.png 864w\" \/>\n            <\/div>\n        <\/a>\n        <div class=\"exhibition-content\">\n        <div class=\"exhibition-duration\">\n            <!-- Format the date to the local format -->\n            <span class=\"date\">25.12.25<\/span> - <span class=\"date\">05.07.26<\/span>\n        <\/div>\n        <a href=\"https:\/\/glasmuseum-frauenau.de\/cz\/ausstellungen\/30-jahre-alexandra-geyermann-frauen-reisen-%e2%86%92-lebensspuren-graviert-in-glas\/\">\n            <h3>30 let Alexandry Geyermannov\u00e9 \u201e\u017deny cestuj\u00ed \u2192 Stopy \u017eivota vyryt\u00e9 do skla\u201c<\/h3>\n        <\/a>\n        <span class=\"exhibition-location\">Kabinet<\/span>\n        <div class=\"exhibition-button-wrapper elementor-widget-button\">\n            <a href=\"https:\/\/glasmuseum-frauenau.de\/cz\/ausstellungen\/30-jahre-alexandra-geyermann-frauen-reisen-%e2%86%92-lebensspuren-graviert-in-glas\/\" class=\"exhibition-button elementor-button-link elementor-button elementor-size-sm\" role=\"button\"><\/a>\n        <\/div>\n    <\/div>\n<\/div>    <\/div>\n<\/div>\n\t\t\t\t\t\t<\/div>\n\t\t\t\t<\/div>\n\t\t\t\t\t<\/div>\n\t\t<\/div>\n\t\t\t\t\t<\/div>\n\t\t<\/section>\n\t\t\t\t<\/div>","protected":false},"excerpt":{"rendered":"<p>Aktu\u00e1ln\u00ed v\u00fdstavyVe skl\u00e1\u0159sk\u00e9m muzeu Frauenau<\/p>","protected":false},"author":1,"featured_media":0,"parent":0,"menu_order":0,"comment_status":"closed","ping_status":"closed","template":"","meta":{"_acf_changed":false,"footnotes":""},"categories":[],"class_list":["post-902","page","type-page","status-publish","hentry","entry","has-media"],"acf":[],"yoast_head":"<!-- This site is optimized with the Yoast SEO plugin v27.4 - https:\/\/yoast.com\/product\/yoast-seo-wordpress\/ -->\n<title>Aktuell - Glasmuseum Frauenau<\/title>\n<meta name=\"robots\" content=\"index, follow, max-snippet:-1, max-image-preview:large, max-video-preview:-1\" \/>\n<link rel=\"canonical\" href=\"https:\/\/glasmuseum-frauenau.de\/cz\/aktuell\/\" \/>\n<meta property=\"og:locale\" content=\"cs_CZ\" \/>\n<meta property=\"og:type\" content=\"article\" \/>\n<meta property=\"og:title\" content=\"Aktuell - Glasmuseum Frauenau\" \/>\n<meta property=\"og:description\" content=\"Aktuelle AusstellungenIm Glasmuseum Frauenau\" \/>\n<meta property=\"og:url\" content=\"https:\/\/glasmuseum-frauenau.de\/cz\/aktuell\/\" \/>\n<meta property=\"og:site_name\" content=\"Glasmuseum Frauenau\" \/>\n<meta property=\"article:publisher\" content=\"https:\/\/www.facebook.com\/people\/Glasmuseum-Frauenau-Staatliches-Museum-zur-Geschichte-der-Glaskultur\/100057480098957\/\" \/>\n<meta property=\"article:modified_time\" content=\"2023-04-06T10:24:05+00:00\" \/>\n<meta name=\"twitter:card\" content=\"summary_large_image\" \/>\n<script type=\"application\/ld+json\" class=\"yoast-schema-graph\">{\"@context\":\"https:\\\/\\\/schema.org\",\"@graph\":[{\"@type\":\"WebPage\",\"@id\":\"https:\\\/\\\/glasmuseum-frauenau.de\\\/aktuell\\\/\",\"url\":\"https:\\\/\\\/glasmuseum-frauenau.de\\\/aktuell\\\/\",\"name\":\"Aktuell - Glasmuseum Frauenau\",\"isPartOf\":{\"@id\":\"https:\\\/\\\/glasmuseum-frauenau.de\\\/#website\"},\"datePublished\":\"2023-02-24T14:06:53+00:00\",\"dateModified\":\"2023-04-06T10:24:05+00:00\",\"breadcrumb\":{\"@id\":\"https:\\\/\\\/glasmuseum-frauenau.de\\\/aktuell\\\/#breadcrumb\"},\"inLanguage\":\"cs\",\"potentialAction\":[{\"@type\":\"ReadAction\",\"target\":[\"https:\\\/\\\/glasmuseum-frauenau.de\\\/aktuell\\\/\"]}]},{\"@type\":\"BreadcrumbList\",\"@id\":\"https:\\\/\\\/glasmuseum-frauenau.de\\\/aktuell\\\/#breadcrumb\",\"itemListElement\":[{\"@type\":\"ListItem\",\"position\":1,\"name\":\"Startseite\",\"item\":\"https:\\\/\\\/glasmuseum-frauenau.de\\\/\"},{\"@type\":\"ListItem\",\"position\":2,\"name\":\"Aktuell\"}]},{\"@type\":\"WebSite\",\"@id\":\"https:\\\/\\\/glasmuseum-frauenau.de\\\/#website\",\"url\":\"https:\\\/\\\/glasmuseum-frauenau.de\\\/\",\"name\":\"Glasmuseum Frauenau\",\"description\":\"Entdecke - Erkunde - Erschaffe\",\"publisher\":{\"@id\":\"https:\\\/\\\/glasmuseum-frauenau.de\\\/#organization\"},\"potentialAction\":[{\"@type\":\"SearchAction\",\"target\":{\"@type\":\"EntryPoint\",\"urlTemplate\":\"https:\\\/\\\/glasmuseum-frauenau.de\\\/?s={search_term_string}\"},\"query-input\":{\"@type\":\"PropertyValueSpecification\",\"valueRequired\":true,\"valueName\":\"search_term_string\"}}],\"inLanguage\":\"cs\"},{\"@type\":\"Organization\",\"@id\":\"https:\\\/\\\/glasmuseum-frauenau.de\\\/#organization\",\"name\":\"Glasmuseum Frauenau\",\"url\":\"https:\\\/\\\/glasmuseum-frauenau.de\\\/\",\"logo\":{\"@type\":\"ImageObject\",\"inLanguage\":\"cs\",\"@id\":\"https:\\\/\\\/glasmuseum-frauenau.de\\\/#\\\/schema\\\/logo\\\/image\\\/\",\"url\":\"https:\\\/\\\/glasmuseum-frauenau.de\\\/wp-content\\\/uploads\\\/2022\\\/08\\\/glasmuseum-logo.svg\",\"contentUrl\":\"https:\\\/\\\/glasmuseum-frauenau.de\\\/wp-content\\\/uploads\\\/2022\\\/08\\\/glasmuseum-logo.svg\",\"width\":171,\"height\":91,\"caption\":\"Glasmuseum Frauenau\"},\"image\":{\"@id\":\"https:\\\/\\\/glasmuseum-frauenau.de\\\/#\\\/schema\\\/logo\\\/image\\\/\"},\"sameAs\":[\"https:\\\/\\\/www.facebook.com\\\/people\\\/Glasmuseum-Frauenau-Staatliches-Museum-zur-Geschichte-der-Glaskultur\\\/100057480098957\\\/\",\"https:\\\/\\\/www.instagram.com\\\/glasmuseum.frauenau\\\/?hl=de\"]}]}<\/script>\n<!-- \/ Yoast SEO plugin. -->","yoast_head_json":{"title":"Aktu\u00e1ln\u00ed - Muzeum skla Frauenau","robots":{"index":"index","follow":"follow","max-snippet":"max-snippet:-1","max-image-preview":"max-image-preview:large","max-video-preview":"max-video-preview:-1"},"canonical":"https:\/\/glasmuseum-frauenau.de\/cz\/aktuell\/","og_locale":"cs_CZ","og_type":"article","og_title":"Aktuell - Glasmuseum Frauenau","og_description":"Aktuelle AusstellungenIm Glasmuseum Frauenau","og_url":"https:\/\/glasmuseum-frauenau.de\/cz\/aktuell\/","og_site_name":"Glasmuseum Frauenau","article_publisher":"https:\/\/www.facebook.com\/people\/Glasmuseum-Frauenau-Staatliches-Museum-zur-Geschichte-der-Glaskultur\/100057480098957\/","article_modified_time":"2023-04-06T10:24:05+00:00","twitter_card":"summary_large_image","schema":{"@context":"https:\/\/schema.org","@graph":[{"@type":"WebPage","@id":"https:\/\/glasmuseum-frauenau.de\/aktuell\/","url":"https:\/\/glasmuseum-frauenau.de\/aktuell\/","name":"Aktu\u00e1ln\u00ed - Muzeum skla Frauenau","isPartOf":{"@id":"https:\/\/glasmuseum-frauenau.de\/#website"},"datePublished":"2023-02-24T14:06:53+00:00","dateModified":"2023-04-06T10:24:05+00:00","breadcrumb":{"@id":"https:\/\/glasmuseum-frauenau.de\/aktuell\/#breadcrumb"},"inLanguage":"cs","potentialAction":[{"@type":"ReadAction","target":["https:\/\/glasmuseum-frauenau.de\/aktuell\/"]}]},{"@type":"BreadcrumbList","@id":"https:\/\/glasmuseum-frauenau.de\/aktuell\/#breadcrumb","itemListElement":[{"@type":"ListItem","position":1,"name":"Startseite","item":"https:\/\/glasmuseum-frauenau.de\/"},{"@type":"ListItem","position":2,"name":"Aktuell"}]},{"@type":"WebSite","@id":"https:\/\/glasmuseum-frauenau.de\/#website","url":"https:\/\/glasmuseum-frauenau.de\/","name":"Muzeum skla Frauenau","description":"Objevovat - zkoumat - tvo\u0159it","publisher":{"@id":"https:\/\/glasmuseum-frauenau.de\/#organization"},"potentialAction":[{"@type":"SearchAction","target":{"@type":"EntryPoint","urlTemplate":"https:\/\/glasmuseum-frauenau.de\/?s={search_term_string}"},"query-input":{"@type":"PropertyValueSpecification","valueRequired":true,"valueName":"search_term_string"}}],"inLanguage":"cs"},{"@type":"Organization","@id":"https:\/\/glasmuseum-frauenau.de\/#organization","name":"Muzeum skla Frauenau","url":"https:\/\/glasmuseum-frauenau.de\/","logo":{"@type":"ImageObject","inLanguage":"cs","@id":"https:\/\/glasmuseum-frauenau.de\/#\/schema\/logo\/image\/","url":"https:\/\/glasmuseum-frauenau.de\/wp-content\/uploads\/2022\/08\/glasmuseum-logo.svg","contentUrl":"https:\/\/glasmuseum-frauenau.de\/wp-content\/uploads\/2022\/08\/glasmuseum-logo.svg","width":171,"height":91,"caption":"Glasmuseum Frauenau"},"image":{"@id":"https:\/\/glasmuseum-frauenau.de\/#\/schema\/logo\/image\/"},"sameAs":["https:\/\/www.facebook.com\/people\/Glasmuseum-Frauenau-Staatliches-Museum-zur-Geschichte-der-Glaskultur\/100057480098957\/","https:\/\/www.instagram.com\/glasmuseum.frauenau\/?hl=de"]}]}},"_links":{"self":[{"href":"https:\/\/glasmuseum-frauenau.de\/cz\/wp-json\/wp\/v2\/pages\/902","targetHints":{"allow":["GET"]}}],"collection":[{"href":"https:\/\/glasmuseum-frauenau.de\/cz\/wp-json\/wp\/v2\/pages"}],"about":[{"href":"https:\/\/glasmuseum-frauenau.de\/cz\/wp-json\/wp\/v2\/types\/page"}],"author":[{"embeddable":true,"href":"https:\/\/glasmuseum-frauenau.de\/cz\/wp-json\/wp\/v2\/users\/1"}],"replies":[{"embeddable":true,"href":"https:\/\/glasmuseum-frauenau.de\/cz\/wp-json\/wp\/v2\/comments?post=902"}],"version-history":[{"count":18,"href":"https:\/\/glasmuseum-frauenau.de\/cz\/wp-json\/wp\/v2\/pages\/902\/revisions"}],"predecessor-version":[{"id":2659,"href":"https:\/\/glasmuseum-frauenau.de\/cz\/wp-json\/wp\/v2\/pages\/902\/revisions\/2659"}],"wp:attachment":[{"href":"https:\/\/glasmuseum-frauenau.de\/cz\/wp-json\/wp\/v2\/media?parent=902"}],"wp:term":[{"taxonomy":"category","embeddable":true,"href":"https:\/\/glasmuseum-frauenau.de\/cz\/wp-json\/wp\/v2\/categories?post=902"}],"curies":[{"name":"wp","href":"https:\/\/api.w.org\/{rel}","templated":true}]}}