{"id":3924,"date":"2024-12-20T07:52:12","date_gmt":"2024-12-20T07:52:12","guid":{"rendered":"https:\/\/glasmuseum-frauenau.de\/?post_type=exhibition&#038;p=3924"},"modified":"2025-03-25T14:24:19","modified_gmt":"2025-03-25T14:24:19","slug":"form-farbe-funktion","status":"publish","type":"exhibition","link":"https:\/\/glasmuseum-frauenau.de\/cz\/ausstellungen\/form-farbe-funktion\/","title":{"rendered":"TVAR BARVA FUNKCE"},"featured_media":4080,"template":"","class_list":["post-3924","exhibition","type-exhibition","status-publish","has-post-thumbnail","hentry","entry","has-media"],"acf":{"start-date":"20250126","end-date":"20250727","location":"Gro\u00dfer Saal","title":"Forma Barva Funkce","content":"\"U\u017e nen\u00ed nic zaj\u00edmav\u00e9ho\", jak se ob\u010das v sb\u011bratelsk\u00fdch kruz\u00edch \u0159\u00edk\u00e1 \u2013 tato v\u00fdstava tento n\u00e1zor vyvrac\u00ed. Sklen\u011bn\u00e9 muzeum ve Frauenau p\u0159edstavuje 2025 nov\u00fdch p\u0159\u00edr\u016fstk\u016f ze sb\u00edrky Birgit a Dietera Schaichov\u00fdch z Mnichova na t\u00e9ma tvarovan\u00e9ho skla od 12. do 19. stolet\u00ed, z nich\u017e v\u011bt\u0161ina dosud nebyla zve\u0159ejn\u011bna, a to s pohledem p\u0159es hranice N\u011bmecka. V\u00fdstava je rozd\u011blena do dvan\u00e1cti t\u00e9mat. Vedle jednotliv\u00fdch skupin tvar\u016f, jako jsou poh\u00e1ry, d\u017eb\u00e1ny a konvice, kalichy a \u201ealpsk\u00e9\u201c l\u00e1hve, jsou vystaveny sklen\u011bn\u00e9 expon\u00e1ty z dom\u00e1cnosti, alchymie a farmacie. Samostatn\u00e9 kapitoly jsou v\u011bnov\u00e1ny mimo jin\u00e9 n\u00e1lez\u016fm z horobavorsk\u00fdch jezer a sklu z allg\u00e4usk\u00fdch skl\u00e1ren ze 17. a\u017e 19. stolet\u00ed.\r\nK v\u00fdstav\u011b je k dispozici katalog s vyobrazen\u00edm a popisem v\u00edce ne\u017e 330 expon\u00e1t\u016f a podrobn\u00fdmi \u00favodn\u00edmi texty k zvl\u00e1\u0161tn\u00edm tvar\u016fm a skupin\u00e1m.\n\n\u010cl\u00e1nek o v\u00fdstav\u011b od Michaely Schabelov\u00e9:\r\n\r\n<a href=\"https:\/\/schabel-kultur-blog.de\/ausstellung\/bayerischer-wald-form-farbe-funktion-gebrauchsglaeser-aus-der-sammlung-birgit-und-dieter-schaich-im-glasmuseum-in-frauenau\/\">Bavorsk\u00fd les - \"Form Colour Function\" - U\u017eitkov\u00e9 sklo ze sb\u00edrky Birgit a Dietera Schaichov\u00fdch ve skl\u00e1\u0159sk\u00e9m muzeu ve Frauenau - Schabel Kultur-blog<\/a>","images":[4080,3923,4081,4079,4078,4086],"artist":""},"yoast_head":"<!-- This site is optimized with the Yoast SEO plugin v28.4 - https:\/\/yoast.com\/product\/yoast-seo-wordpress\/ -->\n<title>FORM  FARBE  FUNKTION - Glasmuseum Frauenau<\/title>\n<meta name=\"robots\" content=\"index, follow, max-snippet:-1, max-image-preview:large, max-video-preview:-1\" \/>\n<link rel=\"canonical\" href=\"https:\/\/glasmuseum-frauenau.de\/cz\/ausstellungen\/form-farbe-funktion\/\" \/>\n<meta property=\"og:locale\" content=\"cs_CZ\" \/>\n<meta property=\"og:type\" content=\"article\" \/>\n<meta property=\"og:title\" content=\"FORM  FARBE  FUNKTION - Glasmuseum Frauenau\" \/>\n<meta property=\"og:url\" content=\"https:\/\/glasmuseum-frauenau.de\/cz\/ausstellungen\/form-farbe-funktion\/\" \/>\n<meta property=\"og:site_name\" content=\"Glasmuseum Frauenau\" \/>\n<meta property=\"article:publisher\" content=\"https:\/\/www.facebook.com\/people\/Glasmuseum-Frauenau-Staatliches-Museum-zur-Geschichte-der-Glaskultur\/100057480098957\/\" \/>\n<meta property=\"article:modified_time\" content=\"2025-03-25T14:24:19+00:00\" \/>\n<meta property=\"og:image\" content=\"https:\/\/glasmuseum-frauenau.de\/wp-content\/uploads\/2025\/01\/DSC_0811-scaled.jpg\" \/>\n\t<meta property=\"og:image:width\" content=\"2048\" \/>\n\t<meta property=\"og:image:height\" content=\"1369\" \/>\n\t<meta property=\"og:image:type\" content=\"image\/jpeg\" \/>\n<meta name=\"twitter:card\" content=\"summary_large_image\" \/>\n<meta name=\"twitter:label1\" content=\"Odhadovan\u00e1 doba \u010dten\u00ed\" \/>\n\t<meta name=\"twitter:data1\" content=\"1 minuta\" \/>\n<script type=\"application\/ld+json\" class=\"yoast-schema-graph\">{\"@context\":\"https:\\\/\\\/schema.org\",\"@graph\":[{\"@type\":\"WebPage\",\"@id\":\"https:\\\/\\\/glasmuseum-frauenau.de\\\/ausstellungen\\\/form-farbe-funktion\\\/\",\"url\":\"https:\\\/\\\/glasmuseum-frauenau.de\\\/ausstellungen\\\/form-farbe-funktion\\\/\",\"name\":\"FORM FARBE FUNKTION - Glasmuseum Frauenau\",\"isPartOf\":{\"@id\":\"https:\\\/\\\/glasmuseum-frauenau.de\\\/#website\"},\"primaryImageOfPage\":{\"@id\":\"https:\\\/\\\/glasmuseum-frauenau.de\\\/ausstellungen\\\/form-farbe-funktion\\\/#primaryimage\"},\"image\":{\"@id\":\"https:\\\/\\\/glasmuseum-frauenau.de\\\/ausstellungen\\\/form-farbe-funktion\\\/#primaryimage\"},\"thumbnailUrl\":\"https:\\\/\\\/glasmuseum-frauenau.de\\\/wp-content\\\/uploads\\\/2025\\\/01\\\/DSC_0811-scaled.jpg\",\"datePublished\":\"2024-12-20T07:52:12+00:00\",\"dateModified\":\"2025-03-25T14:24:19+00:00\",\"breadcrumb\":{\"@id\":\"https:\\\/\\\/glasmuseum-frauenau.de\\\/ausstellungen\\\/form-farbe-funktion\\\/#breadcrumb\"},\"inLanguage\":\"cs\",\"potentialAction\":[{\"@type\":\"ReadAction\",\"target\":[\"https:\\\/\\\/glasmuseum-frauenau.de\\\/ausstellungen\\\/form-farbe-funktion\\\/\"]}]},{\"@type\":\"ImageObject\",\"inLanguage\":\"cs\",\"@id\":\"https:\\\/\\\/glasmuseum-frauenau.de\\\/ausstellungen\\\/form-farbe-funktion\\\/#primaryimage\",\"url\":\"https:\\\/\\\/glasmuseum-frauenau.de\\\/wp-content\\\/uploads\\\/2025\\\/01\\\/DSC_0811-scaled.jpg\",\"contentUrl\":\"https:\\\/\\\/glasmuseum-frauenau.de\\\/wp-content\\\/uploads\\\/2025\\\/01\\\/DSC_0811-scaled.jpg\",\"width\":2048,\"height\":1369},{\"@type\":\"BreadcrumbList\",\"@id\":\"https:\\\/\\\/glasmuseum-frauenau.de\\\/ausstellungen\\\/form-farbe-funktion\\\/#breadcrumb\",\"itemListElement\":[{\"@type\":\"ListItem\",\"position\":1,\"name\":\"Startseite\",\"item\":\"https:\\\/\\\/glasmuseum-frauenau.de\\\/\"},{\"@type\":\"ListItem\",\"position\":2,\"name\":\"Ausstellungen\",\"item\":\"https:\\\/\\\/glasmuseum-frauenau.de\\\/ausstellungen\\\/\"},{\"@type\":\"ListItem\",\"position\":3,\"name\":\"FORM FARBE FUNKTION\"}]},{\"@type\":\"WebSite\",\"@id\":\"https:\\\/\\\/glasmuseum-frauenau.de\\\/#website\",\"url\":\"https:\\\/\\\/glasmuseum-frauenau.de\\\/\",\"name\":\"Glasmuseum Frauenau | Glaskunst & Kulturgeschichte im Bayerischen Wald\",\"description\":\"Entdecken. Erleben. Erschaffen.\",\"publisher\":{\"@id\":\"https:\\\/\\\/glasmuseum-frauenau.de\\\/#organization\"},\"alternateName\":\"Glasmuseum Frauenau | Die Geschichte des Glases erleben\",\"potentialAction\":[{\"@type\":\"SearchAction\",\"target\":{\"@type\":\"EntryPoint\",\"urlTemplate\":\"https:\\\/\\\/glasmuseum-frauenau.de\\\/?s={search_term_string}\"},\"query-input\":{\"@type\":\"PropertyValueSpecification\",\"valueRequired\":true,\"valueName\":\"search_term_string\"}}],\"inLanguage\":\"cs\"},{\"@type\":\"Organization\",\"@id\":\"https:\\\/\\\/glasmuseum-frauenau.de\\\/#organization\",\"name\":\"Glasmuseum Frauenau Staatliches Museum zur Geschichte der Glaskultur\",\"alternateName\":\"Glasmuseum Frauenau\",\"url\":\"https:\\\/\\\/glasmuseum-frauenau.de\\\/\",\"logo\":{\"@type\":\"ImageObject\",\"inLanguage\":\"cs\",\"@id\":\"https:\\\/\\\/glasmuseum-frauenau.de\\\/#\\\/schema\\\/logo\\\/image\\\/\",\"url\":\"https:\\\/\\\/glasmuseum-frauenau.de\\\/wp-content\\\/uploads\\\/2022\\\/08\\\/glasmuseum-logo.svg\",\"contentUrl\":\"https:\\\/\\\/glasmuseum-frauenau.de\\\/wp-content\\\/uploads\\\/2022\\\/08\\\/glasmuseum-logo.svg\",\"width\":171,\"height\":91,\"caption\":\"Glasmuseum Frauenau Staatliches Museum zur Geschichte der Glaskultur\"},\"image\":{\"@id\":\"https:\\\/\\\/glasmuseum-frauenau.de\\\/#\\\/schema\\\/logo\\\/image\\\/\"},\"sameAs\":[\"https:\\\/\\\/www.facebook.com\\\/people\\\/Glasmuseum-Frauenau-Staatliches-Museum-zur-Geschichte-der-Glaskultur\\\/100057480098957\\\/\",\"https:\\\/\\\/www.instagram.com\\\/glasmuseum.frauenau\\\/?hl=de\"]}]}<\/script>\n<!-- \/ Yoast SEO plugin. -->","yoast_head_json":{"title":"FORMA BARVA FUNKCE - Frauenau Glass Museum","robots":{"index":"index","follow":"follow","max-snippet":"max-snippet:-1","max-image-preview":"max-image-preview:large","max-video-preview":"max-video-preview:-1"},"canonical":"https:\/\/glasmuseum-frauenau.de\/cz\/ausstellungen\/form-farbe-funktion\/","og_locale":"cs_CZ","og_type":"article","og_title":"FORM  FARBE  FUNKTION - Glasmuseum Frauenau","og_url":"https:\/\/glasmuseum-frauenau.de\/cz\/ausstellungen\/form-farbe-funktion\/","og_site_name":"Glasmuseum Frauenau","article_publisher":"https:\/\/www.facebook.com\/people\/Glasmuseum-Frauenau-Staatliches-Museum-zur-Geschichte-der-Glaskultur\/100057480098957\/","article_modified_time":"2025-03-25T14:24:19+00:00","og_image":[{"width":2048,"height":1369,"url":"https:\/\/glasmuseum-frauenau.de\/wp-content\/uploads\/2025\/01\/DSC_0811-scaled.jpg","type":"image\/jpeg"}],"twitter_card":"summary_large_image","twitter_misc":{"Odhadovan\u00e1 doba \u010dten\u00ed":"1 minuta"},"schema":{"@context":"https:\/\/schema.org","@graph":[{"@type":"WebPage","@id":"https:\/\/glasmuseum-frauenau.de\/ausstellungen\/form-farbe-funktion\/","url":"https:\/\/glasmuseum-frauenau.de\/ausstellungen\/form-farbe-funktion\/","name":"FORMA BARVA FUNKCE - Frauenau Glass Museum","isPartOf":{"@id":"https:\/\/glasmuseum-frauenau.de\/#website"},"primaryImageOfPage":{"@id":"https:\/\/glasmuseum-frauenau.de\/ausstellungen\/form-farbe-funktion\/#primaryimage"},"image":{"@id":"https:\/\/glasmuseum-frauenau.de\/ausstellungen\/form-farbe-funktion\/#primaryimage"},"thumbnailUrl":"https:\/\/glasmuseum-frauenau.de\/wp-content\/uploads\/2025\/01\/DSC_0811-scaled.jpg","datePublished":"2024-12-20T07:52:12+00:00","dateModified":"2025-03-25T14:24:19+00:00","breadcrumb":{"@id":"https:\/\/glasmuseum-frauenau.de\/ausstellungen\/form-farbe-funktion\/#breadcrumb"},"inLanguage":"cs","potentialAction":[{"@type":"ReadAction","target":["https:\/\/glasmuseum-frauenau.de\/ausstellungen\/form-farbe-funktion\/"]}]},{"@type":"ImageObject","inLanguage":"cs","@id":"https:\/\/glasmuseum-frauenau.de\/ausstellungen\/form-farbe-funktion\/#primaryimage","url":"https:\/\/glasmuseum-frauenau.de\/wp-content\/uploads\/2025\/01\/DSC_0811-scaled.jpg","contentUrl":"https:\/\/glasmuseum-frauenau.de\/wp-content\/uploads\/2025\/01\/DSC_0811-scaled.jpg","width":2048,"height":1369},{"@type":"BreadcrumbList","@id":"https:\/\/glasmuseum-frauenau.de\/ausstellungen\/form-farbe-funktion\/#breadcrumb","itemListElement":[{"@type":"ListItem","position":1,"name":"Startseite","item":"https:\/\/glasmuseum-frauenau.de\/"},{"@type":"ListItem","position":2,"name":"Ausstellungen","item":"https:\/\/glasmuseum-frauenau.de\/ausstellungen\/"},{"@type":"ListItem","position":3,"name":"FORM FARBE FUNKTION"}]},{"@type":"WebSite","@id":"https:\/\/glasmuseum-frauenau.de\/#website","url":"https:\/\/glasmuseum-frauenau.de\/","name":"Muzeum skla ve Frauenau | Sklo jako um\u011bn\u00ed a kulturn\u00ed d\u011bjiny v Bavorsk\u00e9m lese","description":"Objevovat. Pro\u017e\u00edvat. Tvo\u0159it.","publisher":{"@id":"https:\/\/glasmuseum-frauenau.de\/#organization"},"alternateName":"Glasmuseum Frauenau | Die Geschichte des Glases erleben","potentialAction":[{"@type":"SearchAction","target":{"@type":"EntryPoint","urlTemplate":"https:\/\/glasmuseum-frauenau.de\/?s={search_term_string}"},"query-input":{"@type":"PropertyValueSpecification","valueRequired":true,"valueName":"search_term_string"}}],"inLanguage":"cs"},{"@type":"Organization","@id":"https:\/\/glasmuseum-frauenau.de\/#organization","name":"Muzeum skla ve Frauenau \u2013 St\u00e1tn\u00ed muzeum v\u011bnovan\u00e9 historii skl\u00e1\u0159sk\u00e9 kultury","alternateName":"Glasmuseum Frauenau","url":"https:\/\/glasmuseum-frauenau.de\/","logo":{"@type":"ImageObject","inLanguage":"cs","@id":"https:\/\/glasmuseum-frauenau.de\/#\/schema\/logo\/image\/","url":"https:\/\/glasmuseum-frauenau.de\/wp-content\/uploads\/2022\/08\/glasmuseum-logo.svg","contentUrl":"https:\/\/glasmuseum-frauenau.de\/wp-content\/uploads\/2022\/08\/glasmuseum-logo.svg","width":171,"height":91,"caption":"Glasmuseum Frauenau Staatliches Museum zur Geschichte der Glaskultur"},"image":{"@id":"https:\/\/glasmuseum-frauenau.de\/#\/schema\/logo\/image\/"},"sameAs":["https:\/\/www.facebook.com\/people\/Glasmuseum-Frauenau-Staatliches-Museum-zur-Geschichte-der-Glaskultur\/100057480098957\/","https:\/\/www.instagram.com\/glasmuseum.frauenau\/?hl=de"]}]}},"_links":{"self":[{"href":"https:\/\/glasmuseum-frauenau.de\/cz\/wp-json\/wp\/v2\/exhibition\/3924","targetHints":{"allow":["GET"]}}],"collection":[{"href":"https:\/\/glasmuseum-frauenau.de\/cz\/wp-json\/wp\/v2\/exhibition"}],"about":[{"href":"https:\/\/glasmuseum-frauenau.de\/cz\/wp-json\/wp\/v2\/types\/exhibition"}],"acf:attachment":[{"embeddable":true,"href":"https:\/\/glasmuseum-frauenau.de\/cz\/wp-json\/wp\/v2\/media\/4086"},{"embeddable":true,"href":"https:\/\/glasmuseum-frauenau.de\/cz\/wp-json\/wp\/v2\/media\/4078"},{"embeddable":true,"href":"https:\/\/glasmuseum-frauenau.de\/cz\/wp-json\/wp\/v2\/media\/4079"},{"embeddable":true,"href":"https:\/\/glasmuseum-frauenau.de\/cz\/wp-json\/wp\/v2\/media\/4081"},{"embeddable":true,"href":"https:\/\/glasmuseum-frauenau.de\/cz\/wp-json\/wp\/v2\/media\/3923"},{"embeddable":true,"href":"https:\/\/glasmuseum-frauenau.de\/cz\/wp-json\/wp\/v2\/media\/4080"}],"wp:featuredmedia":[{"embeddable":true,"href":"https:\/\/glasmuseum-frauenau.de\/cz\/wp-json\/wp\/v2\/media\/4080"}],"wp:attachment":[{"href":"https:\/\/glasmuseum-frauenau.de\/cz\/wp-json\/wp\/v2\/media?parent=3924"}],"curies":[{"name":"wp","href":"https:\/\/api.w.org\/{rel}","templated":true}]}}